{"id":1186,"date":"2025-08-27T13:59:34","date_gmt":"2025-08-27T11:59:34","guid":{"rendered":"https:\/\/engage.nubedev.es\/rse\/"},"modified":"2025-12-10T12:06:09","modified_gmt":"2025-12-10T11:06:09","slug":"rse","status":"publish","type":"page","link":"https:\/\/engage-mh.com\/fr\/rse\/","title":{"rendered":"RSE"},"content":{"rendered":"<section class=\"w-full flex flex-col relative justify-center min-h-[70vh]\">\n  <div class=\"swiper-hero w-full overflow-hidden h-[70vh]\">\n    <div class=\"swiper-wrapper w-full\">\n               <div class=\"swiper-slide\">\n          <div class=\"bg-black\/20 w-full h-full absolute inset-0 z-10\"><\/div>\n          <img decoding=\"async\" src=\"https:\/\/engage-mh.com\/wp-content\/uploads\/2025\/08\/greet-alicante-copia-02.webp\" alt=\"\"\n          class=\"absolute inset-0 w-full h-full object-cover object-center\"> \n        <\/div>\n            <\/div>\n  <\/div>\n  <div class=\"absolute z-20 inset-0 flex flex-col items-center justify-center\">\n\n    \n          <h1 class=\"text-center text-3xl lg:text-4xl xl:text-5xl 2xl:text-6xl font-louis mb-4 text-white px-5 sombra\">\n          <p>Responsabilit\u00e9 Soci\u00e9tale des Entreprises<\/p>\n\n      <\/h1>\n    \n        \n    \n    \n    \n  <\/div>\n<\/section>\n\n\n\n\n<section class=\"container mx-auto pt-10 lg:pt-20 2xl:px-0 px-5 sm:px-10 overflow-hidden flex flex-col items-center justify-center gap-5 font-sans fadeIn\">\n  \n  \n    <div class=\"text-lg lg:text-xl xl:text-2xl text-center font-louis text-foreground xl:leading-10 lg:w-4\/5  text-center\"><p><strong>Notre engagement <\/strong>envers la durabilit\u00e9<\/p>\n<\/div>\n  \n    <div class=\"mt-4 font-light text-sm lg:text-base text-foreground w-full   w-full lg:w-4\/5  text-center\"><p><b>Chez<\/b> <b>Engage Management Hospitality<\/b>, <b>la responsabilit\u00e9 soci\u00e9tale des entreprises<\/b> (<b>RSE) fait partie <\/b><b>int\u00e9grante de notre identit\u00e9.<\/b><\/p>\n<p>&nbsp;<\/p>\n<p>Nous promouvons une h\u00f4tellerie respectueuse de la plan\u00e8te, des personnes et des territoires, avec des initiatives qui cr\u00e9ent de la valeur pour nos \u00e9quipes, nos clients et nos communaut\u00e9s. Nous savons que le changement demande du temps, mais nous avan\u00e7ons avec d\u00e9termination et engagement. <\/p>\n<p>&nbsp;<\/p>\n<p>Notre strat\u00e9gie RSE repose sur trois piliers essentiels qui orientent notre impact.<br \/>\nEn les int\u00e9grant \u00e0 l\u2019ensemble de nos op\u00e9rations, nous garantissons la cr\u00e9ation d\u2019une valeur durable et renfor\u00e7ons notre engagement envers une hospitalit\u00e9 responsable.<\/p>\n<\/div>\n  \n  <\/section>\n\n<section class=\"container mx-auto pt-10 lg:pt-20 2xl:px-0 px-5 sm:px-10 overflow-hidden flex gap-8 sm:gap-10 xl:gap-20 zonaFall flex-col lg:flex-row items-stretch\">\n\n\n  <div class=\"w-full lg:w-2\/5 flex itemFall \">\n    <img decoding=\"async\" src=\"https:\/\/engage-mh.com\/wp-content\/uploads\/2025\/10\/sos2.jpg\" class=\"w-full max-h-[350px] lg:max-h-none object-cover\" alt=\"\">\n  <\/div>\n\n\n  <div class=\"w-full lg:w-3\/5 flex flex-col gap-5 font-sans itemFall justify-center text-start lg:items-start\">\n    \n    \n          <h2 class=\"uppercase text-2xl lg:text-3xl xl:text-5xl font-louis text-secondary titulo-mixto-orange text-center lg:text-start\"><p> <strong>1. Agir avec<\/strong><br \/>\nresponsabilit\u00e9 d\u2019entreprise<\/p>\n<\/h2>\n    \n          <div class=\"mt-4 font-light text-sm lg:text-base text-foreground w-full sm:px-0 px-5 listable text-justify\">\n        <p>Chez Engage Management Hospitality, nous croyons qu\u2019un avenir plus responsable commence par les d\u00e9cisions que nous prenons chaque jour.C\u2019est pourquoi la RSE est au c\u0153ur de tout ce que nous faisons.<br \/>Pour mener \u00e0 bien notre ambition environnementale, nous nous appuyons sur l\u2019\u00e9quipe centrale d\u2019Accor, qui nous guide et nous accompagne \u00e0 chaque \u00e9tape. Sur le terrain, nos \u00ab \u00c9quipes Vertes \u00bb mobilisent nos h\u00f4tels, restaurants et centres de bien-\u00eatre.   <\/p>\n<p>&nbsp;<\/p>\n<p>C\u2019est un effort collectif, sinc\u00e8re et engag\u00e9, port\u00e9 par tous et pour tous.<\/p>\n<p>&nbsp;<\/p>\n<ul>\n<li>Nous \u00e9tablissons des normes de gouvernance \u00e9lev\u00e9es tout en cultivant des relations solides avec nos investisseurs.<\/li>\n<li>Nous assurons la conformit\u00e9 r\u00e9glementaire et promouvons une conduite \u00e9thique et transparente dans toutes nos op\u00e9rations: nous nous engageons pour l\u2019int\u00e9grit\u00e9, le respect du droit et les plus hauts standards \u00e9thiques.<\/li>\n<li>Notre Charte d\u2019\u00c9thique, avec les politiques telles que le Code Anticorruption et la Politique Cadeaux, \u00e9tablit un cadre clair pour une conduite responsable.<\/li>\n<li>Nous investissons de fa\u00e7on responsable, en incorporant des crit\u00e8res RSE dans chaque d\u00e9cision d\u2019investissement.<\/li>\n<li>Nous g\u00e9rons notre cha\u00eene d\u2019approvisionnement en r\u00e9duisant les risques RSE et en encourageant les bonnes pratiques tout au long de la cha\u00eene de valeur : nous exigeons de nos fournisseurs le respect des lois sur les droits humains, le travail, la s\u00e9curit\u00e9, l\u2019environnement et l\u2019\u00e9thique des affaires. Gr\u00e2ce \u00e0 des processus d\u2019approvisionnement rigoureux et une gouvernance ferme, nous assurons conformit\u00e9 et am\u00e9lioration continue en RSE. <\/li>\n<\/ul>\n<p>&nbsp;<\/p>\n\n      <\/div>\n    \n                  <a href=\"\/fr\/contacto\/\" target=\"\" class=\"mx-auto lg:mx-0 !w-fit bg-primary hover:bg-secondary py-2 px-6 text-white font-louis !no-underline flex flex-row items-center gap-2 boton-tlf hover:-translate-y-1 transition-all duration-300 ease-in-out\">\n          <span class=\"text-sm uppercase text-center\">D\u00e9veloppez un projet h\u00f4telier <\/span>\n        <\/a>\n          \n  <\/div>\n\n\n<\/section>\n\n\n<section class=\"container mx-auto pt-10 lg:pt-20 2xl:px-0 px-5 sm:px-10 overflow-hidden flex gap-8 sm:gap-10 xl:gap-20 zonaFall flex-col lg:flex-row-reverse items-stretch\">\n\n\n  <div class=\"w-full lg:w-2\/5 flex itemFall \">\n    <img decoding=\"async\" src=\"https:\/\/engage-mh.com\/wp-content\/uploads\/2025\/10\/sos4.jpg\" class=\"w-full max-h-[350px] lg:max-h-none object-cover\" alt=\"\">\n  <\/div>\n\n\n  <div class=\"w-full lg:w-3\/5 flex flex-col gap-5 font-sans itemFall justify-center text-start lg:items-start\">\n    \n    \n          <h2 class=\"uppercase text-2xl lg:text-3xl xl:text-5xl font-louis text-secondary titulo-mixto-orange text-center lg:text-start\"><p><strong>2. Respecter les<\/strong><\/p>\n<p>personnes et l\u2019environnement<\/p>\n<\/h2>\n    \n          <div class=\"mt-4 font-light text-sm lg:text-base text-foreground w-full sm:px-0 px-5 listable text-justify\">\n        <p>Chez EMH, la responsabilit\u00e9 sociale commence en prenant soin de ceux qui rendent notre activit\u00e9 possible : nos employ\u00e9s.<\/p>\n<p>Nous misons sur offrir des conditions de travail de qualit\u00e9 et des parcours professionnels attractifs, ce qui nous permet de fid\u00e9liser les talents dans chacun de nos \u00e9tablissements.<\/p>\n<p>&nbsp;<\/p>\n<ul>\n<li>Nous promouvons un environnement de travail diversifi\u00e9, inclusif et s\u00fbr, o\u00f9 le talent peut se d\u00e9velopper, le bien-\u00eatre est une priorit\u00e9 et la culture RSE est pleinement int\u00e9gr\u00e9e.<\/li>\n<li>Nous impulsons l\u2019action climatique via la r\u00e9duction de l\u2019empreinte carbone, l\u2019adaptation au changement climatique, l\u2019\u00e9conomie circulaire et la protection de la biodiversit\u00e9.<\/li>\n<\/ul>\n\n      <\/div>\n    \n    \n  <\/div>\n\n\n<\/section>\n\n\n<section class=\"container mx-auto pt-10 lg:pt-20 2xl:px-0 px-5 sm:px-10 overflow-hidden flex gap-8 sm:gap-10 xl:gap-20 zonaFall flex-col lg:flex-row items-stretch\">\n\n <div class=\"w-full lg:w-1\/3 flex flex-col items-center justify-center aspect-square max-h-[300px] lg:max-h-none itemFall\">\n          <img decoding=\"async\" src=\"https:\/\/engage-mh.com\/wp-content\/uploads\/2025\/10\/sos5.jpg\" class=\"w-full h-full object-cover\" alt=\"\">\n      <\/div>\n\n  <div  class=\"\n    w-full lg:w-2\/3 flex flex-col gap-5 font-sans itemFall text-start items-center justify-center sm:items-start sm:text-start \">\n      \n      \n              <div class=\"mt-4 gap-2 text-col font-light text-sm lg:text-base text-foreground w-full sm:px-0 px-5 listable text-justify\"><h3 style=\"color: #f98512 !important;\"><strong>Notre orientation <\/strong>: vers une hospitalit\u00e9 \u00e0 faible teneur en carbone<\/h3>\n<p>&nbsp;<\/p>\n<h3><strong>R\u00e9duction du carbone<\/strong><\/h3>\n<p>&nbsp;<\/p>\n<p>En 2024 sont valid\u00e9s nos objectifs par l\u2019initiative Science Based Targets (SBTi). Notre strat\u00e9gie s\u2019articule autour de trois piliers cl\u00e9s : <\/p>\n<p>&nbsp;<\/p>\n<ul>\n<li>La formation de nos \u00e9quipes,<\/li>\n<li>L\u2019am\u00e9lioration de l\u2019efficacit\u00e9 \u00e9nerg\u00e9tique de nos b\u00e2timents,<\/li>\n<li>L\u2019augmentation de l\u2019utilisation des \u00e9nergies renouvelables, et la d\u00e9carbonisation de notre cha\u00eene d\u2019approvisionnement.<\/li>\n<\/ul>\n<p>&nbsp;<\/p>\n<p>Ces axes nous permettent de promouvoir un mod\u00e8le d\u2019hospitalit\u00e9 plus durable et \u00e0 faibles \u00e9missions.<\/p>\n<p>&nbsp;<\/p>\n<p><strong>Notre engagement climatique <\/strong>: r\u00e9duire de<strong> 50 % les \u00e9missions de port\u00e9e 1 et 2<\/strong>, et de<strong> 28 % celles de la port\u00e9e 3<\/strong> pour 2030, en prenant comme r\u00e9f\u00e9rence l\u2019ann\u00e9e de base 2019.<\/p>\n<p>&nbsp;<\/p>\n<h3><strong>Certifications environnementales<\/strong><\/h3>\n<p>&nbsp;<\/p>\n<p>&nbsp;<\/p>\n<p>Pour assurer une haute performance environnementale, nous travaillons pour obtenir la certification Breeam-in-use dans nos prochaines constructions.<\/p>\n<p>&nbsp;<\/p>\n<p>De m\u00eame, 82 % de nos h\u00f4tels sont certifi\u00e9s avec le label Green Key. Cette \u00e9tiquette \u00e9co-internationale reconna\u00eet l\u2019excellence en durabilit\u00e9 dans 13 domaines cl\u00e9s. Plus qu\u2019une simple certification, Green Key stimule l\u2019am\u00e9lioration continue, motivant nos \u00e9quipes \u00e0 innover et \u00e0 renforcer leur impact positif en RSE ann\u00e9e apr\u00e8s ann\u00e9e. <\/p>\n<\/div>\n      \n      \n      \n        <\/div>\n  \n\n<\/section>\n\n<section class=\"container mx-auto pt-10 lg:pt-20 2xl:px-0 px-5 sm:px-10 overflow-hidden flex gap-8 sm:gap-10 xl:gap-20 zonaFall flex-col lg:flex-row-reverse items-stretch\">\n\n <div class=\"w-full lg:w-1\/3 flex flex-col items-center justify-center aspect-square max-h-[300px] lg:max-h-none itemFall\">\n          <img decoding=\"async\" src=\"https:\/\/engage-mh.com\/wp-content\/uploads\/2025\/09\/greet-alicante-010-small.webp\" class=\"w-full h-full object-cover\" alt=\"\">\n      <\/div>\n\n  <div  class=\"\n    w-full lg:w-2\/3 flex flex-col gap-5 font-sans itemFall text-start items-center justify-center sm:items-start sm:text-start \">\n      \n              <h2 class=\"uppercase text-2xl lg:text-3xl xl:text-5xl font-louis text-secondary titulo-mixto-orange text-center items-center justify-center sm:items-start sm:text-start \"><p><strong>3. Engagement envers la communaut\u00e9<\/strong><br \/>\net l\u2019environnement<\/p>\n<\/h2>\n      \n              <div class=\"mt-4 gap-2 text-col font-light text-sm lg:text-base text-foreground w-full sm:px-0 px-5 listable text-justify\"><h3>Nous \u00e9levons l\u2019exp\u00e9rience durable des clients par l\u2019attention, le confort, l\u2019innovation et l\u2019accessibilit\u00e9.<\/h3>\n<p>&nbsp;<\/p>\n<p>Nous croyons que l\u2019exp\u00e9rience des clients doit \u00eatre \u00e0 la fois exceptionnelle et durable. Notre Politique d\u2019Exp\u00e9rience Durable garantit confort, accessibilit\u00e9, bien-\u00eatre et gastronomie responsable. <\/p>\n<p>&nbsp;<\/p>\n<p>Avec le soutien de la certification Green Key, nous impulsions des am\u00e9liorations continues et des standards environnementaux et sociaux de premier ordre. Ainsi, nous incorporons la durabilit\u00e9 dans chaque s\u00e9jour et construisons une exp\u00e9rience h\u00f4teli\u00e8re plus responsable. <\/p>\n<p>&nbsp;<\/p>\n<h3>Nous g\u00e9n\u00e9rons un impact social par l\u2019emploi local, la participation communautaire et la cr\u00e9ation d\u2019espaces h\u00f4teliers polyvalents qui apportent de la valeur tant aux clients qu\u2019aux communaut\u00e9s voisines.<\/h3>\n<p>&nbsp;<\/p>\n<p>L\u2019hospitalit\u00e9 d\u2019EMH va au-del\u00e0 de nos h\u00f4tels. Nous soutenons l\u2019emploi local, promouvons les projets communautaires et concevons des espaces polyvalents qui g\u00e9n\u00e8rent un impact positif. <\/p>\n<p>&nbsp;<\/p>\n<p>Nos \u00e9quipes participent activement \u00e0 du b\u00e9n\u00e9volat et \u00e0 des collaborations locales, renfor\u00e7ant les liens sociaux. Avec des initiatives innovantes, les h\u00f4tels favorisent des changements durables et contribuent \u00e0 des communaut\u00e9s plus fortes et inclusives. <\/p>\n<\/div>\n      \n      \n      \n        <\/div>\n  \n\n<\/section>\n\n<section class=\"container mx-auto pt-10 lg:pt-20 2xl:px-0 px-5 sm:px-10 overflow-hidden flex gap-8 sm:gap-10 xl:gap-20 zonaFall flex-col lg:flex-row items-stretch\">\n\n <div class=\"w-full lg:w-1\/3 flex flex-col items-center justify-center aspect-square max-h-[300px] lg:max-h-none itemFall\">\n          <img decoding=\"async\" src=\"https:\/\/engage-mh.com\/wp-content\/uploads\/2025\/08\/ibis-budget-Oviedo-bar.webp\" class=\"w-full h-full object-cover\" alt=\"\">\n      <\/div>\n\n  <div  class=\"\n    w-full lg:w-2\/3 flex flex-col gap-5 font-sans itemFall text-start items-center justify-center sm:items-start sm:text-start \">\n      \n      \n              <div class=\"mt-4 gap-2 text-col font-light text-sm lg:text-base text-foreground w-full sm:px-0 px-5 listable text-justify\"><h3 style=\"color: #f98512 !important;\"><strong>PRINCIPALES<\/strong> actions<\/h3>\n<p>&nbsp;<\/p>\n<h3>Efficacit\u00e9 \u00e9nerg\u00e9tique et hydraulique<\/h3>\n<p><strong>Par des technologies durables et la sensibilisation des clients.<\/strong><\/p>\n<p>Nos nouvelles constructions portent le label Breeam, certification internationale \u00e9valuant la durabilit\u00e9 environnementale des b\u00e2timents et projets de construction, et ont \u00e9t\u00e9 con\u00e7ues et construites en tenant compte de crit\u00e8res qui r\u00e9duisent leur impact environnemental, am\u00e9liorent l\u2019efficacit\u00e9 \u00e9nerg\u00e9tique et favorisent le bien-\u00eatre des personnes qui les utilisent. De plus, nous \u00e9liminons l\u2019usage du gaz en rempla\u00e7ant les chaudi\u00e8res \u00e0 gaz par de l\u2019a\u00e9rothermie. <\/p>\n<\/div>\n      \n      \n            <div class=\"font-light text-sm lg:text-base text-foreground grid grid-cols-1 md:grid-cols-2 gap-4 w-full sm:px-0 px-5\">\n                  <div class=\"w-full flex flex-col mt-4 text-col gap-2\">\n            <h3>R\u00e9duction des plastiques et<br \/>\nproduits \u00e0 usage unique<\/h3>\n<p>Nous rempla\u00e7ons ces produits par des alternatives plus durables et moins polluantes, comme des fontaines \u00e0 eau, des verres r\u00e9utilisables ou des distributeurs rechargeables, et nous supprimons tous les produits individuels du petit d\u00e9jeuner pour des produits en vrac sans emballage plastique.<\/p>\n\n          <\/div>\n                  <div class=\"w-full flex flex-col mt-4 text-col gap-2\">\n            <h3>R\u00e9paration et r\u00e9utilisation<\/h3>\n<p>Encourageant une \u00e9conomie circulaire et des collaborations locales. Tout le mobilier de notre nouvel h\u00f4tel Greet Alicante provient de mat\u00e9riaux r\u00e9utilis\u00e9s. <\/p>\n\n          <\/div>\n                  <div class=\"w-full flex flex-col mt-4 text-col gap-2\">\n            <h3>Projection future<\/h3>\n<p>Nous mesurons notre empreinte carbone avec l\u2019intention de la diminuer progressivement.<\/p>\n<p>Notre objectif : <strong>r\u00e9duire de 50 % les \u00e9missions de port\u00e9e 1 et 2, et de 28 % celles de la port\u00e9e 3<\/strong> pour 2030, en prenant comme r\u00e9f\u00e9rence l\u2019ann\u00e9e de base 2019.<\/p>\n\n          <\/div>\n                  <div class=\"w-full flex flex-col mt-4 text-col gap-2\">\n            <h3>Gaspillage alimentaire<\/h3>\n<p>Nous mesurons et g\u00e9rons le gaspillage, sensibilisant nos clients et formant nos employ\u00e9s pour le r\u00e9duire progressivement.<\/p>\n\n          <\/div>\n              <\/div>\n      \n        <\/div>\n  \n\n<\/section>\n\n\n<p><\/p>\n","protected":false},"excerpt":{"rendered":"","protected":false},"author":1,"featured_media":0,"parent":0,"menu_order":0,"comment_status":"closed","ping_status":"closed","template":"","meta":{"_acf_changed":false,"inline_featured_image":false,"footnotes":""},"class_list":["post-1186","page","type-page","status-publish","hentry"],"acf":[],"_links":{"self":[{"href":"https:\/\/engage-mh.com\/fr\/wp-json\/wp\/v2\/pages\/1186","targetHints":{"allow":["GET"]}}],"collection":[{"href":"https:\/\/engage-mh.com\/fr\/wp-json\/wp\/v2\/pages"}],"about":[{"href":"https:\/\/engage-mh.com\/fr\/wp-json\/wp\/v2\/types\/page"}],"author":[{"embeddable":true,"href":"https:\/\/engage-mh.com\/fr\/wp-json\/wp\/v2\/users\/1"}],"replies":[{"embeddable":true,"href":"https:\/\/engage-mh.com\/fr\/wp-json\/wp\/v2\/comments?post=1186"}],"version-history":[{"count":3,"href":"https:\/\/engage-mh.com\/fr\/wp-json\/wp\/v2\/pages\/1186\/revisions"}],"predecessor-version":[{"id":1608,"href":"https:\/\/engage-mh.com\/fr\/wp-json\/wp\/v2\/pages\/1186\/revisions\/1608"}],"wp:attachment":[{"href":"https:\/\/engage-mh.com\/fr\/wp-json\/wp\/v2\/media?parent=1186"}],"curies":[{"name":"wp","href":"https:\/\/api.w.org\/{rel}","templated":true}]}}